{"id":20,"date":"2016-11-17T12:33:12","date_gmt":"2016-11-17T12:33:12","guid":{"rendered":"http:\/\/furega.com\/disfagia\/?page_id=20"},"modified":"2021-02-11T16:26:51","modified_gmt":"2021-02-11T16:26:51","slug":"qui-som","status":"publish","type":"page","link":"https:\/\/furega.com\/disfagia\/","title":{"rendered":"Presentaci\u00f3"},"content":{"rendered":"[vc_row type=&#8221;full_width_background&#8221; full_screen_row_position=&#8221;middle&#8221; column_margin=&#8221;default&#8221; column_direction=&#8221;default&#8221; column_direction_tablet=&#8221;default&#8221; column_direction_phone=&#8221;default&#8221; scene_position=&#8221;center&#8221; text_color=&#8221;dark&#8221; text_align=&#8221;left&#8221; row_border_radius=&#8221;none&#8221; row_border_radius_applies=&#8221;bg&#8221; overlay_strength=&#8221;0.3&#8243; gradient_direction=&#8221;left_to_right&#8221; shape_divider_position=&#8221;bottom&#8221; bg_image_animation=&#8221;none&#8221;][vc_column column_padding=&#8221;no-extra-padding&#8221; column_padding_tablet=&#8221;inherit&#8221; column_padding_phone=&#8221;inherit&#8221; column_padding_position=&#8221;left-right&#8221; centered_text=&#8221;true&#8221; background_color_opacity=&#8221;1&#8243; background_hover_color_opacity=&#8221;1&#8243; column_shadow=&#8221;none&#8221; column_border_radius=&#8221;none&#8221; column_link_target=&#8221;_self&#8221; gradient_direction=&#8221;left_to_right&#8221; overlay_strength=&#8221;0.3&#8243; width=&#8221;1\/1&#8243; tablet_width_inherit=&#8221;default&#8221; tablet_text_alignment=&#8221;default&#8221; phone_text_alignment=&#8221;default&#8221; column_border_width=&#8221;none&#8221; column_border_style=&#8221;solid&#8221; bg_image_animation=&#8221;none&#8221; enable_animation=&#8221;true&#8221; animation=&#8221;fade-in&#8221;]<style type=\"text\/css\">#nectar-slider-instance-1, #nectar-slider-instance-1 .swiper-container { height: calc( 670 * 100vw \/ 1600 ); } <\/style><div  data-transition=\"slide\" data-overall_style=\"classic\" data-flexible-height=\"true\" data-animate-in-effect=\"zoom-out\" data-fullscreen=\"false\" data-button-sizing=\"regular\" data-button-styling=\"btn_with_count\" data-autorotate=\"7000\" data-parallax=\"false\" data-parallax-disable-mobile=\"\" data-caption-trans=\"fade_in_from_bottom\" data-parallax-style=\"bg_only\" data-bg-animation=\"none\" data-full-width=\"true\" class=\"nectar-slider-wrap \" id=\"nectar-slider-instance-1\"><div class=\"swiper-container\"  data-tho=\"auto\" data-tco=\"auto\" data-pho=\"auto\" data-pco=\"20\" data-loop=\"false\" data-height=\"670\" data-min-height=\"\" data-arrows=\"true\" data-bullets=\"false\" data-bullet_style=\"see_through\" data-bullet_position=\"bottom\" data-desktop-swipe=\"true\" data-settings=\"\"> <div class=\"swiper-wrapper\"><div class=\"swiper-slide lightbox\" data-desktop-content-width=\"auto\" data-tablet-content-width=\"auto\" data-bg-alignment=\"center\" data-color-scheme=\"light\" data-x-pos=\"centered\" data-y-pos=\"middle\" ><div class=\"slide-bg-wrap\"><div class=\"image-bg\" style=\"background-image: url(https:\/\/furega.com\/disfagia\/wp-content\/uploads\/2021\/02\/quees.jpg);\"> &nbsp; <\/div><\/div><div class=\"container\">\n\t\t\t\t\t\t<div class=\"content\"><h2 class=\"ns-heading-el\">Qu\u00e8 \u00e9s la disf\u00e0gia?<\/h2><div class=\"buttons\"><div class=\"button solid_color\">\n\t\t\t\t\t\t\t\t\t\t <a class=\"pp primary-color\" href=\"https:\/\/player.vimeo.com\/video\/486095408\">VEURE VIDEO<\/a>\n\t\t\t\t\t\t\t\t\t\t<\/div><\/div><\/div>\n\t\t\t\t\t\t\t\t<\/div><!--\/container--><a href=\"#\" class=\"slider-down-arrow\"><i class=\"icon-salient-down-arrow icon-default-style\"> <span class=\"ie-fix\"><\/span> <\/i><\/a><div class=\"video-texture \"> <span class=\"ie-fix\"><\/span> <\/div><\/div> <!--\/swiper-slide--><div class=\"swiper-slide lightbox\" data-desktop-content-width=\"auto\" data-tablet-content-width=\"auto\" data-bg-alignment=\"center\" data-color-scheme=\"light\" data-x-pos=\"centered\" data-y-pos=\"middle\" ><div class=\"slide-bg-wrap\"><div class=\"image-bg\" style=\"background-image: url(https:\/\/furega.com\/disfagia\/wp-content\/uploads\/2021\/02\/alimentacio.jpg);\"> &nbsp; <\/div><\/div><div class=\"container\">\n\t\t\t\t\t\t<div class=\"content\"><h2 class=\"ns-heading-el\">L'alimentaci\u00f3 en la disf\u00e0gia<\/h2><div class=\"buttons\"><div class=\"button solid_color\">\n\t\t\t\t\t\t\t\t\t\t <a class=\"pp primary-color\" href=\"https:\/\/player.vimeo.com\/video\/486094900\">VEURE VIDEO<\/a>\n\t\t\t\t\t\t\t\t\t\t<\/div><\/div><\/div>\n\t\t\t\t\t\t\t\t<\/div><!--\/container--><a href=\"#\" class=\"slider-down-arrow\"><i class=\"icon-salient-down-arrow icon-default-style\"> <span class=\"ie-fix\"><\/span> <\/i><\/a><div class=\"video-texture \"> <span class=\"ie-fix\"><\/span> <\/div><\/div> <!--\/swiper-slide--><div class=\"swiper-slide\" data-desktop-content-width=\"auto\" data-tablet-content-width=\"auto\" data-bg-alignment=\"center\" data-color-scheme=\"light\" data-x-pos=\"centered\" data-y-pos=\"middle\" ><div class=\"slide-bg-wrap\"><div class=\"image-bg\" style=\"background-image: url(https:\/\/furega.com\/disfagia\/wp-content\/uploads\/2020\/04\/covid-furega-1.jpg);\"> &nbsp; <\/div><\/div><div class=\"container\">\n\t\t\t\t\t\t<div class=\"content\"><h2 class=\"ns-heading-el\">10 Basic procedures to assess and treat oropharyngeal dysphagia in patients with COVID-19 (SARS-CoV-2) infection.<\/h2><p  ><span>Expert opinion practical guidance from Hospital de Matar\u00f3, Catalonia, Spain.\r\n\r\nV1 April 6th 2020<\/span><\/p><div class=\"buttons\"><div class=\"button solid_color\">\n\t\t\t\t\t\t\t\t\t\t <a class=\"primary-color\" href=\"https:\/\/www.furega.com\/disfagia_covid-19\">M\u00c9S INFORMACI\u00d3<\/a>\n\t\t\t\t\t\t\t\t\t\t<\/div><\/div><\/div>\n\t\t\t\t\t\t\t\t<\/div><!--\/container--><a href=\"#\" class=\"slider-down-arrow\"><i class=\"icon-salient-down-arrow icon-default-style\"> <span class=\"ie-fix\"><\/span> <\/i><\/a><div class=\"video-texture \"> <span class=\"ie-fix\"><\/span> <\/div><\/div> <!--\/swiper-slide--><div class=\"swiper-slide\" data-desktop-content-width=\"auto\" data-tablet-content-width=\"auto\" data-bg-alignment=\"center\" data-color-scheme=\"light\" data-x-pos=\"centered\" data-y-pos=\"middle\" ><div class=\"slide-bg-wrap\"><div class=\"image-bg\" style=\"background-image: url(https:\/\/furega.com\/disfagia\/wp-content\/uploads\/2019\/09\/pure.jpg);\"> &nbsp; <\/div><\/div><div class=\"container\">\n\t\t\t\t\t\t<div class=\"content\"><h2 class=\"ns-heading-el\">Receptes per a malalts amb disf\u00e0gia<\/h2><p  ><span>Proposem receptes en v\u00eddeo segons les necessitats dels pacients<\/span><\/p><div class=\"buttons\"><div class=\"button solid_color\">\n\t\t\t\t\t\t\t\t\t\t <a class=\"primary-color\" href=\"https:\/\/furega.com\/disfagia\/questionari\/\">Consulteu-les aqu\u00ed<\/a>\n\t\t\t\t\t\t\t\t\t\t<\/div><\/div><\/div>\n\t\t\t\t\t\t\t\t<\/div><!--\/container--><a href=\"#\" class=\"slider-down-arrow\"><i class=\"icon-salient-down-arrow icon-default-style\"> <span class=\"ie-fix\"><\/span> <\/i><\/a><div class=\"video-texture \"> <span class=\"ie-fix\"><\/span> <\/div><\/div> <!--\/swiper-slide--><div class=\"swiper-slide\" data-desktop-content-width=\"\" data-tablet-content-width=\"\" data-bg-alignment=\"center\" data-color-scheme=\"light\" data-x-pos=\"centered\" data-y-pos=\"middle\" ><div class=\"slide-bg-wrap\"><div class=\"image-bg\" style=\"background-image: url(https:\/\/furega.com\/disfagia\/wp-content\/uploads\/2016\/11\/FUREGA_3_NEGRE.jpg);\"> &nbsp; <\/div><\/div><div class=\"container\">\n\t\t\t\t\t\t<div class=\"content\"><h2 class=\"ns-heading-el\">Projecte disf\u00e0gia<\/h2><p  ><span>La Fundaci\u00f3 \u201cFUREGA\u201d ha engegat una campanya per donar a con\u00e8ixer tots els aven\u00e7os que la recerca ha aconseguit fins ara per millorar la qualitat de vida dels que la pateixen i donar esperances per una futura curaci\u00f3.<\/span><\/p><div class=\"buttons\"><div class=\"button solid_color\">\n\t\t\t\t\t\t\t\t\t\t <a class=\"primary-color\" href=\"http:\/\/que-es-la-disfagia\/\">QU\u00c8 \u00c9S LA DISFAGIA?<\/a>\n\t\t\t\t\t\t\t\t\t\t<\/div><\/div><\/div>\n\t\t\t\t\t\t\t\t<\/div><!--\/container--><a href=\"#\" class=\"slider-down-arrow\"><i class=\"icon-salient-down-arrow icon-default-style\"> <span class=\"ie-fix\"><\/span> <\/i><\/a><div class=\"video-texture \"> <span class=\"ie-fix\"><\/span> <\/div><\/div> <!--\/swiper-slide--><div class=\"swiper-slide\" data-desktop-content-width=\"auto\" data-tablet-content-width=\"auto\" data-bg-alignment=\"center\" data-color-scheme=\"light\" data-x-pos=\"centered\" data-y-pos=\"middle\" ><div class=\"slide-bg-wrap\"><div class=\"image-bg\" style=\"background-image: url(https:\/\/furega.com\/disfagia\/wp-content\/uploads\/2017\/01\/fondo_furega_2.jpg);\"> &nbsp; <\/div><\/div><div class=\"container\">\n\t\t\t\t\t\t<div class=\"content\"><h2 class=\"ns-heading-el\">El 45% dels pacients que tenen un ictus<\/h2><p  ><span>presenten s\u00edmptomes de disf\u00e0gia. A pesar d\u2019aquesta elevada prevalen\u00e7a el desconeixement \u00e9s molt gran.<\/span><\/p><div class=\"buttons\"><div class=\"button solid_color\">\n\t\t\t\t\t\t\t\t\t\t <a class=\"primary-color\" href=\"http:\/\/informacio-pacients\/\">INFORMACI\u00d3 PER ALS PACIENTS<\/a>\n\t\t\t\t\t\t\t\t\t\t<\/div><\/div><\/div>\n\t\t\t\t\t\t\t\t<\/div><!--\/container--><a href=\"#\" class=\"slider-down-arrow\"><i class=\"icon-salient-down-arrow icon-default-style\"> <span class=\"ie-fix\"><\/span> <\/i><\/a><div class=\"video-texture \"> <span class=\"ie-fix\"><\/span> <\/div><\/div> <!--\/swiper-slide--><\/div><a href=\"#\" aria-label=\"Previous\" class=\"slider-prev\"><i class=\"icon-salient-left-arrow\"><\/i> <div class=\"slide-count\"> <span class=\"slide-current\">1<\/span> <i class=\"icon-salient-right-line\"><\/i> <span class=\"slide-total\"><\/span> <\/div> <\/a>\n\t\t\t\t\t\t<a href=\"#\" aria-label=\"Next\" class=\"slider-next\"><i class=\"icon-salient-right-arrow\"><\/i> <div class=\"slide-count\"> <span class=\"slide-current\">1<\/span> <i class=\"icon-salient-right-line\"><\/i> <span class=\"slide-total\"><\/span> <\/div> <\/a><div class=\"nectar-slider-loading \"> <span class=\"loading-icon none\">   <\/span> <\/div> <\/div> \n\t\t\t\t\t\n\t\t\t\t\t<\/div>[\/vc_column][\/vc_row][vc_row type=&#8221;in_container&#8221; full_screen_row_position=&#8221;middle&#8221; column_margin=&#8221;default&#8221; column_direction=&#8221;default&#8221; column_direction_tablet=&#8221;default&#8221; column_direction_phone=&#8221;default&#8221; scene_position=&#8221;center&#8221; top_padding=&#8221;30&#8243; text_color=&#8221;dark&#8221; text_align=&#8221;left&#8221; row_border_radius=&#8221;none&#8221; row_border_radius_applies=&#8221;bg&#8221; id=&#8221;missio&#8221; overlay_strength=&#8221;0.3&#8243; gradient_direction=&#8221;left_to_right&#8221; shape_divider_position=&#8221;bottom&#8221; bg_image_animation=&#8221;none&#8221;][vc_column column_padding=&#8221;no-extra-padding&#8221; column_padding_tablet=&#8221;inherit&#8221; column_padding_phone=&#8221;inherit&#8221; column_padding_position=&#8221;all&#8221; background_color_opacity=&#8221;1&#8243; background_hover_color_opacity=&#8221;1&#8243; column_shadow=&#8221;none&#8221; column_border_radius=&#8221;none&#8221; column_link_target=&#8221;_self&#8221; gradient_direction=&#8221;left_to_right&#8221; overlay_strength=&#8221;0.3&#8243; width=&#8221;1\/2&#8243; tablet_width_inherit=&#8221;default&#8221; tablet_text_alignment=&#8221;default&#8221; phone_text_alignment=&#8221;default&#8221; column_border_width=&#8221;none&#8221; column_border_style=&#8221;solid&#8221; bg_image_animation=&#8221;none&#8221;][vc_column_text]\n<h1>Missi\u00f3<\/h1>\n[\/vc_column_text][divider line_type=&#8221;No Line&#8221; custom_height=&#8221;20&#8243;]<div class=\"nectar-fancy-ul\" data-list-icon=\"fa fa-chevron-right\" data-animation=\"true\" data-animation-delay=\"0\" data-color=\"accent-color\" data-spacing=\"default\" data-alignment=\"left\"> \n<ul>\n<li style=\"text-align: left;\">Disminuir la morbimortalitat i l\u2019impacte dels trastorns de la degluci\u00f3<\/li>\n<li style=\"text-align: left;\">Millorar la qualitat de vida dels afectats per aquests trastorns<\/li>\n<\/ul>\n <\/div>[\/vc_column][vc_column column_padding=&#8221;no-extra-padding&#8221; column_padding_tablet=&#8221;inherit&#8221; column_padding_phone=&#8221;inherit&#8221; column_padding_position=&#8221;all&#8221; background_color_opacity=&#8221;1&#8243; background_hover_color_opacity=&#8221;1&#8243; column_shadow=&#8221;none&#8221; column_border_radius=&#8221;none&#8221; column_link_target=&#8221;_self&#8221; gradient_direction=&#8221;left_to_right&#8221; overlay_strength=&#8221;0.3&#8243; width=&#8221;1\/2&#8243; tablet_width_inherit=&#8221;default&#8221; tablet_text_alignment=&#8221;default&#8221; phone_text_alignment=&#8221;default&#8221; column_border_width=&#8221;none&#8221; column_border_style=&#8221;solid&#8221; bg_image_animation=&#8221;none&#8221;][vc_column_text]\n<h1>Visi\u00f3<\/h1>\n[\/vc_column_text][divider line_type=&#8221;No Line&#8221; custom_height=&#8221;20&#8243;]<div class=\"nectar-fancy-ul\" data-list-icon=\"fa fa-chevron-right\" data-animation=\"true\" data-animation-delay=\"0\" data-color=\"accent-color\" data-spacing=\"default\" data-alignment=\"left\"> \n<ul>\n<li style=\"text-align: left;\">Ser una organitzaci\u00f3 referent nacional\/internacional en els trastorns de la degluci\u00f3<\/li>\n<li style=\"text-align: left;\">Que se\u2019ns identifiqui amb aquesta malaltia<\/li>\n<li style=\"text-align: left;\">Volem orientar\/influir i con\u00e8ixer millor aquestes malalties<\/li>\n<\/ul>\n <\/div>[\/vc_column][\/vc_row][vc_row type=&#8221;full_width_background&#8221; full_screen_row_position=&#8221;middle&#8221; column_margin=&#8221;default&#8221; column_direction=&#8221;default&#8221; column_direction_tablet=&#8221;default&#8221; column_direction_phone=&#8221;default&#8221; bg_color=&#8221;#f19f53&#8243; scene_position=&#8221;center&#8221; top_padding=&#8221;40&#8243; bottom_padding=&#8221;40&#8243; text_color=&#8221;dark&#8221; text_align=&#8221;left&#8221; row_border_radius=&#8221;none&#8221; row_border_radius_applies=&#8221;bg&#8221; id=&#8221;patronat&#8221; overlay_strength=&#8221;0.3&#8243; gradient_direction=&#8221;left_to_right&#8221; shape_divider_position=&#8221;bottom&#8221; bg_image_animation=&#8221;none&#8221;][vc_column column_padding=&#8221;no-extra-padding&#8221; column_padding_tablet=&#8221;inherit&#8221; column_padding_phone=&#8221;inherit&#8221; column_padding_position=&#8221;all&#8221; centered_text=&#8221;true&#8221; background_color_opacity=&#8221;1&#8243; background_hover_color_opacity=&#8221;1&#8243; column_shadow=&#8221;none&#8221; column_border_radius=&#8221;none&#8221; column_link_target=&#8221;_self&#8221; gradient_direction=&#8221;left_to_right&#8221; overlay_strength=&#8221;0.3&#8243; width=&#8221;1\/1&#8243; tablet_width_inherit=&#8221;default&#8221; tablet_text_alignment=&#8221;default&#8221; phone_text_alignment=&#8221;default&#8221; column_border_width=&#8221;none&#8221; column_border_style=&#8221;solid&#8221; bg_image_animation=&#8221;none&#8221;][vc_column_text]\n<h1><span style=\"color: #ffffff;\">Qu\u00e8 vol fer la Fundaci\u00f3 en aquest projecte:<br \/>\n<\/span><\/h1>\n[\/vc_column_text][vc_row_inner column_margin=&#8221;default&#8221; column_direction=&#8221;default&#8221; column_direction_tablet=&#8221;default&#8221; column_direction_phone=&#8221;default&#8221; top_padding=&#8221;30&#8243; text_align=&#8221;left&#8221;][vc_column_inner column_padding=&#8221;no-extra-padding&#8221; column_padding_tablet=&#8221;inherit&#8221; column_padding_phone=&#8221;inherit&#8221; column_padding_position=&#8221;all&#8221; background_color_opacity=&#8221;1&#8243; background_hover_color_opacity=&#8221;1&#8243; column_shadow=&#8221;none&#8221; column_border_radius=&#8221;none&#8221; column_link_target=&#8221;_self&#8221; gradient_direction=&#8221;left_to_right&#8221; overlay_strength=&#8221;0.3&#8243; width=&#8221;1\/2&#8243; tablet_width_inherit=&#8221;default&#8221; column_border_width=&#8221;none&#8221; column_border_style=&#8221;solid&#8221; bg_image_animation=&#8221;none&#8221;]<div class=\"nectar-fancy-ul\" data-list-icon=\"fa fa-angle-right\" data-animation=\"true\" data-animation-delay=\"0\" data-color=\"extra-color-1\" data-spacing=\"default\" data-alignment=\"left\"> \n<ul>\n<li style=\"text-align: left;\"><span style=\"color: #ffffff;\">Promoure la recerca<\/span><\/li>\n<li style=\"text-align: left;\"><span style=\"color: #ffffff;\">Facilitar informaci\u00f3 als que pateixen la malaltia i als seus parents<\/span><\/li>\n<li style=\"text-align: left;\"><span style=\"color: #ffffff;\">Formar i informar als cuidadors siguin professionals o familiars<\/span><\/li>\n<li style=\"text-align: left;\"><span style=\"color: #ffffff;\">Sensibilitzar a la societat de les altes repercussions de la malaltia<\/span><\/li>\n<li style=\"text-align: left;\"><span style=\"color: #ffffff;\">Vetllar pels drets dels malalts<\/span><\/li>\n<li style=\"text-align: left;\"><span style=\"color: #ffffff;\">Que entri en els protocols m\u00e8dics. Una gran quantitat de malalties porten associat aquest trastorn, el que fa que sigui dif\u00edcil veure\u2019l com una malaltia en si mateixa com reconeix la OMS<\/span><\/li>\n<\/ul>\n <\/div>[\/vc_column_inner][vc_column_inner column_padding=&#8221;no-extra-padding&#8221; column_padding_tablet=&#8221;inherit&#8221; column_padding_phone=&#8221;inherit&#8221; column_padding_position=&#8221;all&#8221; background_color_opacity=&#8221;1&#8243; background_hover_color_opacity=&#8221;1&#8243; column_shadow=&#8221;none&#8221; column_border_radius=&#8221;none&#8221; column_link_target=&#8221;_self&#8221; gradient_direction=&#8221;left_to_right&#8221; overlay_strength=&#8221;0.3&#8243; width=&#8221;1\/2&#8243; tablet_width_inherit=&#8221;default&#8221; column_border_width=&#8221;none&#8221; column_border_style=&#8221;solid&#8221; bg_image_animation=&#8221;none&#8221;]<div class=\"nectar-fancy-ul\" data-list-icon=\"fa fa-angle-right\" data-animation=\"true\" data-animation-delay=\"0\" data-color=\"extra-color-1\" data-spacing=\"default\" data-alignment=\"left\"> \n<ul>\n<li style=\"text-align: left;\"><span style=\"color: #ffffff;\">Promoure una estrat\u00e8gia d\u2019equips multidisciplinaris per atendre als pacients i desenvolupar una nova disciplina, la Deglutologia.<\/span><\/li>\n<li style=\"text-align: left;\"><span style=\"color: #ffffff;\">Fins ara la disf\u00e0gia s\u2019ha estat combaten des de diferents disciplines: Otorinolaringologia, Logop\u00e8dia, gastroenterologia,\u00a0 gerontologia, pediatria, neurologia, &#8230;<\/span><\/li>\n<li style=\"text-align: left;\"><span style=\"color: #ffffff;\">Ajudar a la ind\u00fastria aliment\u00e0ria a desenvolupar una l\u00ednia d\u2019alimentaci\u00f3 especial per la disf\u00e0gia<\/span><\/li>\n<\/ul>\n <\/div>[\/vc_column_inner][\/vc_row_inner][\/vc_column][\/vc_row]\n","protected":false},"excerpt":{"rendered":"<p>[vc_row type=&#8221;full_width_background&#8221; full_screen_row_position=&#8221;middle&#8221; column_margin=&#8221;default&#8221; column_direction=&#8221;default&#8221; column_direction_tablet=&#8221;default&#8221; column_direction_phone=&#8221;default&#8221; scene_position=&#8221;center&#8221; text_color=&#8221;dark&#8221; text_align=&#8221;left&#8221; row_border_radius=&#8221;none&#8221; row_border_radius_applies=&#8221;bg&#8221; overlay_strength=&#8221;0.3&#8243; gradient_direction=&#8221;left_to_right&#8221; shape_divider_position=&#8221;bottom&#8221; bg_image_animation=&#8221;none&#8221;][vc_column column_padding=&#8221;no-extra-padding&#8221; column_padding_tablet=&#8221;inherit&#8221; column_padding_phone=&#8221;inherit&#8221; column_padding_position=&#8221;left-right&#8221; centered_text=&#8221;true&#8221; background_color_opacity=&#8221;1&#8243; background_hover_color_opacity=&#8221;1&#8243; column_shadow=&#8221;none&#8221; column_border_radius=&#8221;none&#8221; column_link_target=&#8221;_self&#8221; gradient_direction=&#8221;left_to_right&#8221; overlay_strength=&#8221;0.3&#8243; width=&#8221;1\/1&#8243; tablet_width_inherit=&#8221;default&#8221;&#8230;<\/p>\n","protected":false},"author":1,"featured_media":0,"parent":0,"menu_order":0,"comment_status":"closed","ping_status":"closed","template":"","meta":{"footnotes":""},"class_list":["post-20","page","type-page","status-publish"],"_links":{"self":[{"href":"https:\/\/furega.com\/disfagia\/wp-json\/wp\/v2\/pages\/20","targetHints":{"allow":["GET"]}}],"collection":[{"href":"https:\/\/furega.com\/disfagia\/wp-json\/wp\/v2\/pages"}],"about":[{"href":"https:\/\/furega.com\/disfagia\/wp-json\/wp\/v2\/types\/page"}],"author":[{"embeddable":true,"href":"https:\/\/furega.com\/disfagia\/wp-json\/wp\/v2\/users\/1"}],"replies":[{"embeddable":true,"href":"https:\/\/furega.com\/disfagia\/wp-json\/wp\/v2\/comments?post=20"}],"version-history":[{"count":57,"href":"https:\/\/furega.com\/disfagia\/wp-json\/wp\/v2\/pages\/20\/revisions"}],"predecessor-version":[{"id":24,"href":"https:\/\/furega.com\/disfagia\/wp-json\/wp\/v2\/pages\/20\/revisions\/24"}],"wp:attachment":[{"href":"https:\/\/furega.com\/disfagia\/wp-json\/wp\/v2\/media?parent=20"}],"curies":[{"name":"wp","href":"https:\/\/api.w.org\/{rel}","templated":true}]}}